{"id":294,"date":"2023-05-26T13:15:16","date_gmt":"2023-05-26T16:15:16","guid":{"rendered":"https:\/\/www.rioverde.go.gov.br\/amt\/?page_id=294"},"modified":"2026-01-16T09:00:54","modified_gmt":"2026-01-16T12:00:54","slug":"relacao-de-radares","status":"publish","type":"page","link":"https:\/\/www.rioverde.go.gov.br\/amt\/radares\/relacao-de-radares\/","title":{"rendered":"Rela\u00e7\u00e3o de Radares"},"content":{"rendered":"\n<p><strong><u>Rela\u00e7\u00e3o de radares<\/u><\/strong><\/p>\n\n\n\n<p>Em uma iniciativa de transpar\u00eancia, que contempla a Resolu\u00e7\u00e3o n\u00ba 798, de 2 de setembro de 2020, do Conselho Nacional de Tr\u00e2nsito (Contran), a Ag\u00eancia Municipal de Mobilidade e Tr\u00e2nsito publica a rela\u00e7\u00e3o de controladores de velocidade em opera\u00e7\u00e3o no tr\u00e2nsito municipal.<\/p>\n\n\n\n<p>A tabela traz as seguintes informa\u00e7\u00f5es:<\/p>\n\n\n\n<p>&#8211; Tipo de equipamento;<\/p>\n\n\n\n<p>&#8211; N\u00famero de registro junto ao Instituto Nacional de Metrologia, Qualidade e Tecnologia (Inmetro) [Informa\u00e7\u00e3o em processamento];&nbsp;<\/p>\n\n\n\n<p>&#8211; N\u00famero de s\u00e9rie do fabricante [Informa\u00e7\u00e3o em processamento];<\/p>\n\n\n\n<p>&#8211; Identifica\u00e7\u00e3o da faixa de rolamento;<\/p>\n\n\n\n<p>&#8211; Identifica\u00e7\u00e3o do ponto pela AMT;<\/p>\n\n\n\n<p>&#8211; Local de instala\u00e7\u00e3o.<\/p>\n\n\n\n<p>Clicando na identifica\u00e7\u00e3o de cada ponto, est\u00e3o dispon\u00edveis na extens\u00e3o .pdf os respectivos levantamentos t\u00e9cnicos, que informam as caracter\u00edsticas e a velocidade regulamentada no local\/trecho.<\/p>\n\n\n\n<p><\/p>\n\n\n\n<p> <a href=\"https:\/\/www.rioverde.go.gov.br\/amt\/radares\/relacao-de-radares\/#mapa\" data-type=\"URL\" data-id=\"https:\/\/www.rioverde.go.gov.br\/amt\/radares\/relacao-de-radares\/#mapa\">&#8211; VER MAPA<\/a><\/p>\n\n\n\n<div style=\"height:20px\" aria-hidden=\"true\" class=\"wp-block-spacer\"><\/div>\n\n\n\n<style>\n    table {\n        border-collapse: collapse;\n        width: 100%;\n    }\n\n    th,\n    td {\n        text-align: center;\n        padding: 8px;\n        border-bottom: 1px solid #ddd;\n        font-size: 1rem;\n    }\n\n    td {\n        text-align: center !important;\n    }\n\n    th {\n        background-color: #48a558 !important;\n        color: #FFF;\n        font-size: 1rem;\n        font-weight: bold;\n        text-align: center !important;\n    }\n\n    body.pg-single main section article td,\n    body.pg-single main section article th {\n        padding: 3px !important;\n    }\n<\/style>\n\n<figure class=\"wp-block-table\">\n    <table>\n        <thead>\n            <tr>\n                <th style=\"width: 10%;\">C\u00f3d. AMT<\/th>\n                <th style=\"width: 5%;\">Tipo<\/th>\n                <th style=\"width: 20%;\">Local de Instala\u00e7\u00e3o<\/th>\n                <th style=\"width: 15%;\">Reg. Inmetro<\/th>\n                <th style=\"width: 10%;\">N\u00ba S\u00e9rie<\/th>\n                <th style=\"width: 20%;\">Validade do estudo<\/th>\n            <\/tr>\n        <\/thead>\n        <tbody>\n            <tr>\n                <td><a href=\"https:\/\/www.rioverde.go.gov.br\/amt\/wp-uploads\/sites\/5\/2023\/06\/001F.pdf\" target=\"_blank\" rel=\"noopener\" style=\"color:#09c5e7 !important;\">001F<\/a><\/td>\n                <td>Fixo<\/td>\n                <td>Av. Presidente Vargas, N\u00ba595 &#8211; Jardim Presidente \u2013 Sent. (B\/C)<\/td>\n                <td>EBG5252098<\/td>\n                <td>FLISD0311A00688<\/td>\n                <td><a href=\"https:\/\/www.rioverde.go.gov.br\/amt\/wp-uploads\/sites\/5\/2025\/12\/001F_R1.pdf\" target=\"_blank\" rel=\"noopener\" style=\"color:#09c5e7 !important;\">001F_R1<\/a><\/td>\n            <\/tr>\n            <tr>\n                <td><a href=\"https:\/\/www.rioverde.go.gov.br\/amt\/wp-uploads\/sites\/5\/2023\/06\/002F.pdf\" target=\"_blank\" rel=\"noopener\" style=\"color:#09c5e7 !important;\">002F<\/a><\/td>\n                <td>Fixo<\/td>\n                <td>Av. Presidente Vargas, N\u00ba 37 &#8211; Setor Oeste \u2013 Sent. (C\/B)<\/td>\n                <td>EBG5252232<\/td>\n                <td>FLISD0203A00709<\/td>\n                <td><a href=\"https:\/\/www.rioverde.go.gov.br\/amt\/wp-uploads\/sites\/5\/2025\/12\/002F_R1.pdf\" target=\"_blank\" rel=\"noopener\" style=\"color:#09c5e7 !important;\">002F_R1<\/a><\/td>\n            <\/tr>\n            <tr>\n                <td><a href=\"https:\/\/www.rioverde.go.gov.br\/amt\/wp-uploads\/sites\/5\/2023\/06\/003F.pdf\" target=\"_blank\" rel=\"noopener\" style=\"color:#09c5e7 !important;\">003F<\/a><\/td>\n                <td>Fixo<\/td>\n                <td>Av.universit\u00e1ria, Qd. 15 Lt. 18 &#8211; Jardim Presidente \u2013 Sent. (B\/C)<\/td>\n                <td>EBG5256614<\/td>\n                <td>FLISD0203A00708<\/td>\n                <td><a href=\"https:\/\/www.rioverde.go.gov.br\/amt\/wp-uploads\/sites\/5\/2025\/12\/003F_R1.pdf\" target=\"_blank\" rel=\"noopener\" style=\"color:#09c5e7 !important;\">003F_R1<\/a><\/td>\n            <\/tr>\n            <tr>\n                <td><a href=\"https:\/\/www.rioverde.go.gov.br\/amt\/wp-uploads\/sites\/5\/2023\/06\/004F.pdf\" target=\"_blank\" rel=\"noopener\" style=\"color:#09c5e7 !important;\">004F<\/a><\/td>\n                <td>Fixo<\/td>\n                <td>Rua Coronel Vaiano, N\u00ba 1.338 &#8211; Medeiros \u2013 Sentido (B\/C e C\/B)<\/td>\n                <td>EBG5251768<\/td>\n                <td>FLISD0103A00713<\/td>\n                <td><a href=\"https:\/\/www.rioverde.go.gov.br\/amt\/wp-uploads\/sites\/5\/2025\/12\/004F_R1.pdf\" target=\"_blank\" rel=\"noopener\" style=\"color:#09c5e7 !important;\">004F_R1<\/a><\/td>\n            <\/tr>\n            <tr>\n                <td><a href=\"https:\/\/www.rioverde.go.gov.br\/amt\/wp-uploads\/sites\/5\/2023\/06\/005F.pdf\" target=\"_blank\" rel=\"noopener\" style=\"color:#09c5e7 !important;\">005F<\/a><\/td>\n                <td>Fixo<\/td>\n                <td>Av. Pres. Vargas, N\u00ba 2.140 a 850 Mts do QG. da Policia Militar \u2013 Sent. (B\/C)<\/td>\n                <td>EBG5252037<\/td>\n                <td>FLISD0203A00706<\/td>\n                <td><a href=\"https:\/\/www.rioverde.go.gov.br\/amt\/wp-uploads\/sites\/5\/2025\/12\/005F_R1.pdf\" target=\"_blank\" rel=\"noopener\" style=\"color:#09c5e7 !important;\">005F_R1<\/a><\/td>\n            <\/tr>\n            <tr>\n                <td><a href=\"https:\/\/www.rioverde.go.gov.br\/amt\/wp-uploads\/sites\/5\/2023\/06\/006F.pdf\" target=\"_blank\" rel=\"noopener\" style=\"color:#09c5e7 !important;\">006F<\/a><\/td>\n                <td>Fixo<\/td>\n                <td>Rua 02 &#8211; Recanto do Bosque &#8211; a 100 Mts do Portao Aabb &#8211; Sent. (B\/C)<\/td>\n                <td>EBG5256547<\/td>\n                <td>FLISD0103A00716<\/td>\n                <td><a href=\"https:\/\/www.rioverde.go.gov.br\/amt\/wp-uploads\/sites\/5\/2025\/12\/006F_R1.pdf\" target=\"_blank\" rel=\"noopener\" style=\"color:#09c5e7 !important;\">006F_R1<\/a><\/td>\n            <\/tr>\n            <tr>\n                <td><a href=\"https:\/\/www.rioverde.go.gov.br\/amt\/wp-uploads\/sites\/5\/2023\/06\/007F.pdf\" target=\"_blank\" rel=\"noopener\" style=\"color:#09c5e7 !important;\">007F<\/a><\/td>\n                <td>Fixo<\/td>\n                <td>Av. Presidente Vargas, Qd. 47 Lt. 7 [havan] &#8211; Jd. Presidente \u2013 Sent. (C\/B)<\/td>\n                <td>EBG5256651<\/td>\n                <td>FLISD0311A00687<\/td>\n                <td><a href=\"https:\/\/www.rioverde.go.gov.br\/amt\/wp-uploads\/sites\/5\/2025\/12\/007F_R1.pdf\" target=\"_blank\" rel=\"noopener\" style=\"color:#09c5e7 !important;\">007F_R1<\/a><\/td>\n            <\/tr>\n            <tr>\n                <td><a href=\"https:\/\/www.rioverde.go.gov.br\/amt\/wp-uploads\/sites\/5\/2023\/06\/008F.pdf\" target=\"_blank\" style=\"color:#09c5e7 !important;\" rel=\"noopener\">008F<\/a><\/td>\n                <td>Fixo<\/td>\n                <td>Rua Dario Alvez de Paiva, N\u00ba 235 \u2013 Centro \u2013 Sent. (C\/B)<\/td>\n                <td>EBG5251719<\/td>\n                <td>FLISD0103A00717<\/td>\n                <td><a href=\"https:\/\/www.rioverde.go.gov.br\/amt\/wp-uploads\/sites\/5\/2025\/12\/008F_R1.pdf\" target=\"_blank\" rel=\"noopener\" style=\"color:#09c5e7 !important;\">008F_R1<\/a><\/td>\n            <\/tr>\n            <tr>\n                <td><a href=\"https:\/\/www.rioverde.go.gov.br\/amt\/wp-uploads\/sites\/5\/2023\/06\/009F.pdf\" target=\"_blank\" rel=\"noopener\" style=\"color:#09c5e7 !important;\">009F<\/a><\/td>\n                <td>Fixo<\/td>\n                <td>Av. Flamboyant, Qd. 03, Lt. 65 &#8211; Gameleira I &#8211; Sent. (B\/C)<\/td>\n                <td>EBG5256419<\/td>\n                <td>FLISD0103A00715<\/td>\n                <td><a href=\"https:\/\/www.rioverde.go.gov.br\/amt\/wp-uploads\/sites\/5\/2025\/12\/009F_R1.pdf\" target=\"_blank\" rel=\"noopener\" style=\"color:#09c5e7 !important;\">009F_R1<\/a><\/td>\n            <\/tr>\n            <tr>\n                <td><a href=\"https:\/\/www.rioverde.go.gov.br\/amt\/wp-uploads\/sites\/5\/2023\/06\/010F.pdf\" target=\"_blank\" rel=\"noopener\" style=\"color:#09c5e7 !important;\">010F<\/a><\/td>\n                <td>Fixo<\/td>\n                <td>Av. Flamboyant, a 175 Mts da BR-060 &#8211; Res. Gameleira I &#8211; Sent. (C\/B)<\/td>\n                <td>EBG5256699<\/td>\n                <td>FLISD0103A00714<\/td>\n                <td><a href=\"https:\/\/www.rioverde.go.gov.br\/amt\/wp-uploads\/sites\/5\/2025\/12\/010F_R1.pdf\" target=\"_blank\" rel=\"noopener\" style=\"color:#09c5e7 !important;\">010F_R1<\/a><\/td>\n            <\/tr>\n            <tr>\n                <td><a href=\"https:\/\/www.rioverde.go.gov.br\/amt\/wp-uploads\/sites\/5\/2023\/06\/011F.pdf\" target=\"_blank\" style=\"color:#09c5e7 !important;\" rel=\"noopener\">011F<\/a><\/td>\n                <td>Fixo<\/td>\n                <td>Rua Jo\u00e3o J. da Fonseca Qd. 74 Lt. 6 &#8211; B. Morada do Sol \u2013 Sent. (B\/C)<\/td>\n                <td>EBG5252153<\/td>\n                <td>FLISD0203A00707<\/td>\n                <td><a href=\"https:\/\/www.rioverde.go.gov.br\/amt\/wp-uploads\/sites\/5\/2025\/12\/011F_R1.pdf\" target=\"_blank\" rel=\"noopener\" style=\"color:#09c5e7 !important;\">011F_R1<\/a><\/td>\n            <\/tr>\n            <tr>\n                <td><a href=\"https:\/\/www.rioverde.go.gov.br\/amt\/wp-uploads\/sites\/5\/2023\/06\/012F.pdf\" target=\"_blank\" style=\"color:#09c5e7 !important;\" rel=\"noopener\">012F<\/a><\/td>\n                <td>Fixo<\/td>\n                <td>Av. Paulo Roberto Cunha \u00e0 80m da Rua 131 &#8211; Centro \u2013 Sent. (C\/B)<\/td>\n                <td>EBG5251756<\/td>\n                <td>FLISD0203A00710<\/td>\n                <td><a href=\"https:\/\/www.rioverde.go.gov.br\/amt\/wp-uploads\/sites\/5\/2025\/12\/012F_R1.pdf\" target=\"_blank\" rel=\"noopener\" style=\"color:#09c5e7 !important;\">012F_R1<\/a><\/td>\n            <\/tr>\n            <tr>\n                <td><a href=\"https:\/\/www.rioverde.go.gov.br\/amt\/wp-uploads\/sites\/5\/2023\/06\/013F.pdf\" target=\"_blank\" style=\"color:#09c5e7 !important;\" rel=\"noopener\">013F<\/a><\/td>\n                <td>Fixo<\/td>\n                <td>Av. Paulo Roberto Cunha \u00e0 260m da Rua Gumercindo Ferreira, Centro \u2013 Sent. (B\/C)<\/td>\n                <td>EBG5256201<\/td>\n                <td>FLISD0203A00712<\/td>\n                <td><a href=\"https:\/\/www.rioverde.go.gov.br\/amt\/wp-uploads\/sites\/5\/2025\/12\/013F_R1.pdf\" target=\"_blank\" rel=\"noopener\" style=\"color:#09c5e7 !important;\">013F_R1<\/a><\/td>\n            <\/tr>\n            <tr>\n                <td><a href=\"https:\/\/www.rioverde.go.gov.br\/amt\/wp-uploads\/sites\/5\/2023\/06\/014F.pdf\" target=\"_blank\" style=\"color:#09c5e7 !important;\" rel=\"noopener\">014F<\/a><\/td>\n                <td>Fixo<\/td>\n                <td>Av. Paulo R. Cunha \u00e0 24m da Rua D\u00e1rio A. de Paiva &#8211; Pq. das Ac\u00e1cias \u2013 Sent. (C\/B)<\/td>\n                <td>EBG5251902<\/td>\n                <td>FLISD0203A00711<\/td>\n                <td><a href=\"https:\/\/www.rioverde.go.gov.br\/amt\/wp-uploads\/sites\/5\/2025\/12\/014F_R1.pdf\" target=\"_blank\" rel=\"noopener\" style=\"color:#09c5e7 !important;\">014F_R1<\/a><\/td>\n            <\/tr>\n            <tr>\n                <td><a href=\"https:\/\/www.rioverde.go.gov.br\/amt\/wp-uploads\/sites\/5\/2023\/06\/015F.pdf\" target=\"_blank\" style=\"color:#09c5e7 !important;\" rel=\"noopener\">015F<\/a><\/td>\n                <td>Fixo<\/td>\n                <td>Rua Augusta Bastos, N\u00ba 366 \u2013 Centro \u2013 Sent. (C\/B)<\/td>\n                <td>EBG5251707<\/td>\n                <td>FLISD0103A00718<\/td>\n                <td><a href=\"https:\/\/www.rioverde.go.gov.br\/amt\/wp-uploads\/sites\/5\/2025\/12\/015F_R1.pdf\" target=\"_blank\" rel=\"noopener\" style=\"color:#09c5e7 !important;\">015F_R1<\/a><\/td>\n            <\/tr>\n            <tr>\n                <td><a href=\"https:\/\/www.rioverde.go.gov.br\/amt\/wp-uploads\/sites\/5\/2023\/08\/016F.pdf\" target=\"_blank\" style=\"color:#09c5e7 !important;\" rel=\"noopener\">016F<\/a><\/td>\n                <td>Fixo<\/td>\n                <td>Avenida Sidor Ivanoff, Qd. BV-8 Lt. 15, Res. Bela Vista \u2013 Sent. (C\/B)<\/td>\n                <td>EBG5256274<\/td>\n                <td>FLISD0103A00734<\/td>\n                <td><a href=\"https:\/\/www.rioverde.go.gov.br\/amt\/wp-uploads\/sites\/5\/2025\/12\/016F_R1.pdf\" target=\"_blank\" rel=\"noopener\" style=\"color:#09c5e7 !important;\">016F_R1<\/a><\/td>\n            <\/tr>\n            <tr>\n                <td><a href=\"https:\/\/www.rioverde.go.gov.br\/amt\/wp-uploads\/sites\/5\/2023\/08\/017F.pdf\" target=\"_blank\" style=\"color:#09c5e7 !important;\" rel=\"noopener\">017F<\/a><\/td>\n                <td>Fixo<\/td>\n                <td>Avenida Sidor Ivanoff, lado oposto Qd. BV-1 Lt. 17, Res. Bela Vista \u2013 Sent. (B\/C)<\/td>\n                <td>EBG5256298<\/td>\n                <td>FLISD0103A00727<\/td>\n                <td><a href=\"https:\/\/www.rioverde.go.gov.br\/amt\/wp-uploads\/sites\/5\/2025\/12\/017F_R1.pdf\" target=\"_blank\" rel=\"noopener\" style=\"color:#09c5e7 !important;\">017F_R1<\/a><\/td>\n            <\/tr>\n            <tr>\n                <td><a href=\"https:\/\/www.rioverde.go.gov.br\/amt\/wp-uploads\/sites\/5\/2023\/08\/018F.pdf\" target=\"_blank\" style=\"color:#09c5e7 !important;\" rel=\"noopener\">018F<\/a><\/td>\n                <td>Fixo<\/td>\n                <td>Avenida Paulo Roberto Cunha, Qd. 66 Lt. 08 &#8211; Prol. Jd. Am\u00e9rica<\/td>\n                <td>EBG5256286<\/td>\n                <td>FLISD0103A00731<\/td>\n                <td><a href=\"https:\/\/www.rioverde.go.gov.br\/amt\/wp-uploads\/sites\/5\/2025\/12\/018F_R1.pdf\" target=\"_blank\" rel=\"noopener\" style=\"color:#09c5e7 !important;\">018F_R1<\/a><\/td>\n            <\/tr>\n            <tr>\n                <td><a href=\"https:\/\/www.rioverde.go.gov.br\/amt\/wp-uploads\/sites\/5\/2023\/08\/019F.pdf\" target=\"_blank\" style=\"color:#09c5e7 !important;\" rel=\"noopener\">019F<\/a><\/td>\n                <td>Fixo<\/td>\n                <td>Avenida Paulo Roberto Cunha, oposto a Qd. 66 Lt. 08 &#8211; Parque Betel<\/td>\n                <td>EBG5255907<\/td>\n                <td>FLISD0103A00732<\/td>\n                <td><a href=\"https:\/\/www.rioverde.go.gov.br\/amt\/wp-uploads\/sites\/5\/2025\/12\/019F_R1.pdf\" target=\"_blank\" rel=\"noopener\" style=\"color:#09c5e7 !important;\">019F_R1<\/a><\/td>\n            <\/tr>\n            <tr>\n                <td><a href=\"https:\/\/www.rioverde.go.gov.br\/amt\/wp-uploads\/sites\/5\/2023\/08\/020F.pdf\" target=\"_blank\" style=\"color:#09c5e7 !important;\" rel=\"noopener\">020F<\/a><\/td>\n                <td>Fixo<\/td>\n                <td>Rua D\u00e1rio Alves de Paiva, N\u00ba 939, Jardim Am\u00e9rica \u2013 Sent. (C\/B)<\/td>\n                <td>EBG5255701<\/td>\n                <td>FLISD0103A00730<\/td>\n                <td><a href=\"https:\/\/www.rioverde.go.gov.br\/amt\/wp-uploads\/sites\/5\/2025\/12\/020F_R1.pdf\" target=\"_blank\" rel=\"noopener\" style=\"color:#09c5e7 !important;\">020F_R1<\/a><\/td>\n            <\/tr>\n            <tr>\n                <td><a href=\"https:\/\/www.rioverde.go.gov.br\/amt\/wp-uploads\/sites\/5\/2023\/08\/021F.pdf\" target=\"_blank\" style=\"color:#09c5e7 !important;\" rel=\"noopener\">021F<\/a><\/td>\n                <td>Fixo<\/td>\n                <td>Av. S\u00e3o Tomaz, Qd. 15 Lt. 8 &#8211; Pq. das Paineiras &#8211; Sent. (B\/C)<\/td>\n                <td>EBG5255932<\/td>\n                <td>FLISD0103A00728<\/td>\n                <td><a href=\"https:\/\/www.rioverde.go.gov.br\/amt\/wp-uploads\/sites\/5\/2025\/12\/021F_R1.pdf\" target=\"_blank\" rel=\"noopener\" style=\"color:#09c5e7 !important;\">021F_R1<\/a><\/td>\n            <\/tr>\n            <tr>\n                <td><a href=\"https:\/\/www.rioverde.go.gov.br\/amt\/wp-uploads\/sites\/5\/2023\/08\/022F.pdf\" target=\"_blank\" style=\"color:#09c5e7 !important;\" rel=\"noopener\">022F<\/a><\/td>\n                <td>Fixo<\/td>\n                <td>Av. S\u00e3o Tomaz, a 50mts da Rua Paraguai Pq. Das Paineiras &#8211; Sent. (C\/B)<\/td>\n                <td>EBG5255920<\/td>\n                <td>FLISD0103A00726<\/td>\n                <td><a href=\"https:\/\/www.rioverde.go.gov.br\/amt\/wp-uploads\/sites\/5\/2025\/12\/022F_R1.pdf\" target=\"_blank\" rel=\"noopener\" style=\"color:#09c5e7 !important;\">022F_R1<\/a><\/td>\n            <\/tr>\n            <tr>\n                <td><a href=\"https:\/\/www.rioverde.go.gov.br\/amt\/wp-uploads\/sites\/5\/2023\/06\/023F.pdf\" target=\"_blank\" style=\"color:#09c5e7 !important;\" rel=\"noopener\">023F<\/a><\/td>\n                <td>Fixo<\/td>\n                <td>Rua 03, n\u00ba 130 &#8211; Vila Renova\u00e7\u00e3o \u2013 Sent. (C\/B)<\/td>\n                <td>EBG5256456<\/td>\n                <td>FLISD0103A00719<\/td>\n                <td><a href=\"https:\/\/www.rioverde.go.gov.br\/amt\/wp-uploads\/sites\/5\/2025\/12\/023F_R1.pdf\" target=\"_blank\" rel=\"noopener\" style=\"color:#09c5e7 !important;\">023F_R1<\/a><\/td>\n            <\/tr>\n            <tr>\n                <td><a href=\"https:\/\/www.rioverde.go.gov.br\/amt\/wp-uploads\/sites\/5\/2024\/08\/024F.pdf\" target=\"_blank\" style=\"color:#09c5e7 !important;\" rel=\"noopener\">024F<\/a><\/td>\n                <td>Fixo<\/td>\n                <td>Av. Pauzanes de Carvalho, Qd 76 Lt.09 &#8211; Setor Pauzanes \u2013 Sent. (B\/C)<\/td>\n                <td>EBG5256109<\/td>\n                <td>FLISD1804A00739<\/td>\n                <td><a href=\"https:\/\/www.rioverde.go.gov.br\/amt\/wp-uploads\/sites\/5\/2025\/12\/024F_R1.pdf\" target=\"_blank\" rel=\"noopener\" style=\"color:#09c5e7 !important;\">024F_R1<\/a><\/td>\n            <\/tr>\n            <tr>\n                <td><a href=\"https:\/\/www.rioverde.go.gov.br\/amt\/wp-uploads\/sites\/5\/2024\/08\/025F.pdf\" target=\"_blank\" style=\"color:#09c5e7 !important;\" rel=\"noopener\">025F<\/a><\/td>\n                <td>Fixo<\/td>\n                <td>Av. Pauzanes de Carvalho, N 988- Setor Eldorado \u2013 Sent. (C\/B)<\/td>\n                <td>EBG5256146<\/td>\n                <td>FLISD1804A00743<\/td>\n                <td><a href=\"https:\/\/www.rioverde.go.gov.br\/amt\/wp-uploads\/sites\/5\/2025\/12\/025F_R1.pdf\" target=\"_blank\" rel=\"noopener\" style=\"color:#09c5e7 !important;\">025F_R1<\/a><\/td>\n            <\/tr>\n            <tr>\n                <td><a href=\"https:\/\/www.rioverde.go.gov.br\/amt\/wp-uploads\/sites\/5\/2024\/08\/026F.pdf\" target=\"_blank\" style=\"color:#09c5e7 !important;\" rel=\"noopener\">026F<\/a><\/td>\n                <td>Fixo<\/td>\n                <td>Av.Perimentral Norte QD 91 LT 05 Bairro Martins \u2013 Sent. GO 174<\/td>\n                <td>EBG5249350<\/td>\n                <td>FLSSD0524A00793<\/td>\n                <td><a href=\"https:\/\/www.rioverde.go.gov.br\/amt\/wp-uploads\/sites\/5\/2025\/12\/026F_R1.pdf\" target=\"_blank\" rel=\"noopener\" style=\"color:#09c5e7 !important;\">026F_R1<\/a><\/td>\n            <\/tr>\n            <tr>\n                <td><a href=\"https:\/\/www.rioverde.go.gov.br\/amt\/wp-uploads\/sites\/5\/2024\/08\/027F.pdf\" target=\"_blank\" style=\"color:#09c5e7 !important;\" rel=\"noopener\">027F<\/a><\/td>\n                <td>Fixo<\/td>\n                <td>Av Perim. Norte a 30M da R. Bahia &#8211; St. Pauzanes \u2013 Sent. GO 174<\/td>\n                <td>EBG5249646<\/td>\n                <td>FLSSD052A400790<\/td>\n                <td><a href=\"https:\/\/www.rioverde.go.gov.br\/amt\/wp-uploads\/sites\/5\/2025\/12\/027F_R1.pdf\" target=\"_blank\" rel=\"noopener\" style=\"color:#09c5e7 !important;\">027F_R1<\/a><\/td>\n            <\/tr>\n            <tr>\n                <td><a href=\"https:\/\/www.rioverde.go.gov.br\/amt\/wp-uploads\/sites\/5\/2024\/08\/028F.pdf\" target=\"_blank\" style=\"color:#09c5e7 !important;\" rel=\"noopener\">028F<\/a><\/td>\n                <td>Fixo<\/td>\n                <td>Av. Perim Norte QD 29 LT 07 &#8211; Setor Primavera \u2013 Sent. BR 060<\/td>\n                <td>EBG5248708<\/td>\n                <td>FLISD1804A00746<\/td>\n                <td><a href=\"https:\/\/www.rioverde.go.gov.br\/amt\/wp-uploads\/sites\/5\/2025\/12\/028F_R1.pdf\" target=\"_blank\" rel=\"noopener\" style=\"color:#09c5e7 !important;\">028F_R1<\/a><\/td>\n            <\/tr>\n            <tr>\n                <td><a href=\"https:\/\/www.rioverde.go.gov.br\/amt\/wp-uploads\/sites\/5\/2024\/08\/029F.pdf\" target=\"_blank\" style=\"color:#09c5e7 !important;\" rel=\"noopener\">029F<\/a><\/td>\n                <td>Fixo<\/td>\n                <td>Av. Perim. Norte a 22m da Qd 88 Lt 14 &#8211; B. Martins \u2013 Sent BR 060<\/td>\n                <td>EBG5249361<\/td>\n                <td>FLSSD0524A00791<\/td>\n                <td><a href=\"https:\/\/www.rioverde.go.gov.br\/amt\/wp-uploads\/sites\/5\/2025\/12\/029F_R1.pdf\" target=\"_blank\" rel=\"noopener\" style=\"color:#09c5e7 !important;\">029F_R1<\/a><\/td>\n            <\/tr>\n            <tr>\n                <td><a href=\"https:\/\/www.rioverde.go.gov.br\/amt\/wp-uploads\/sites\/5\/2024\/08\/030F.pdf\" target=\"_blank\" style=\"color:#09c5e7 !important;\" rel=\"noopener\">030F<\/a><\/td>\n                <td>Fixo<\/td>\n                <td>Av. Perim Norte em frente ao Parque Zilda Arns Res. Veneza \u2013 Sent. BR 060<\/td>\n                <td>EBG5248745<\/td>\n                <td>FLSSD0524A00794<\/td>\n                <td><a href=\"https:\/\/www.rioverde.go.gov.br\/amt\/wp-uploads\/sites\/5\/2025\/12\/030F_R1.pdf\" target=\"_blank\" rel=\"noopener\" style=\"color:#09c5e7 !important;\">030F_R1<\/a><\/td>\n            <\/tr>\n            <tr>\n                <td><a href=\"https:\/\/www.rioverde.go.gov.br\/amt\/wp-uploads\/sites\/5\/2024\/08\/031F.pdf\" target=\"_blank\" style=\"color:#09c5e7 !important;\" rel=\"noopener\">031F<\/a><\/td>\n                <td>Fixo<\/td>\n                <td>Av. Perim Norte Qd 24 Lt 20 &#8211; Res. Maranata \u2013 Sent. BR 060<\/td>\n                <td>EBG5250740<\/td>\n                <td>FLSSD052A400792<\/td>\n                <td><a href=\"https:\/\/www.rioverde.go.gov.br\/amt\/wp-uploads\/sites\/5\/2025\/12\/031F_R1.pdf\" target=\"_blank\" rel=\"noopener\" style=\"color:#09c5e7 !important;\">031F_R1<\/a><\/td>\n            <\/tr>\n            <tr>\n                <td><a href=\"https:\/\/www.rioverde.go.gov.br\/amt\/wp-uploads\/sites\/5\/2024\/08\/032F.pdf\" target=\"_blank\" style=\"color:#09c5e7 !important;\" rel=\"noopener\">032F<\/a><\/td>\n                <td>Fixo<\/td>\n                <td>Av. Jos\u00e9 da Costa Martins QD 03 LT 10 &#8211; Res. Monte Siao \u2013 Sent. (C\/B)<\/td>\n                <td>EBG5251150<\/td>\n                <td>FLISD1804A00733<\/td>\n                <td><a href=\"https:\/\/www.rioverde.go.gov.br\/amt\/wp-uploads\/sites\/5\/2025\/12\/032F_R1.pdf\" target=\"_blank\" rel=\"noopener\" style=\"color:#09c5e7 !important;\">032F_R1<\/a><\/td>\n            <\/tr>\n            <tr>\n                <td><a href=\"https:\/\/www.rioverde.go.gov.br\/amt\/wp-uploads\/sites\/5\/2024\/08\/033F.pdf\" target=\"_blank\" style=\"color:#09c5e7 !important;\" rel=\"noopener\">033F<\/a><\/td>\n                <td>Fixo<\/td>\n                <td>Av. Jos\u00e9 da Costa Martins QD 6 LOTE 158 Res. Monte Siao \u2013 Sent. (B\/C)<\/td>\n                <td>EBG5251343<\/td>\n                <td>FLISD1804A00740<\/td>\n                <td><a href=\"https:\/\/www.rioverde.go.gov.br\/amt\/wp-uploads\/sites\/5\/2025\/12\/033F_R1.pdf\" target=\"_blank\" rel=\"noopener\" style=\"color:#09c5e7 !important;\">033F_R1<\/a><\/td>\n            <\/tr>\n            <tr>\n                <td><a href=\"https:\/\/www.rioverde.go.gov.br\/amt\/wp-uploads\/sites\/5\/2024\/08\/034F.pdf\" target=\"_blank\" style=\"color:#09c5e7 !important;\" rel=\"noopener\">034F<\/a><\/td>\n                <td>Fixo<\/td>\n                <td>Av. Vanderval Lima \u00e0 120 mts da Av. \u00c1gua Santa &#8211; Bairro \u00c0gua Santa \u2013 Sent. N\/S<\/td>\n                <td>EBG5248964<\/td>\n                <td>FLISD1804A00742<\/td>\n                <td><a href=\"https:\/\/www.rioverde.go.gov.br\/amt\/wp-uploads\/sites\/5\/2025\/12\/034F_R1.pdf\" target=\"_blank\" rel=\"noopener\" style=\"color:#09c5e7 !important;\">034F_R1<\/a><\/td>\n            <\/tr>\n            <tr>\n                <td><a href=\"https:\/\/www.rioverde.go.gov.br\/amt\/wp-uploads\/sites\/5\/2024\/08\/035F.pdf\" target=\"_blank\" style=\"color:#09c5e7 !important;\" rel=\"noopener\">035F<\/a><\/td>\n                <td>Fixo<\/td>\n                <td>Av. Vanderval Lima \u00e0 245 Mts da Portaria do Cond. Pq. do Cerrado \u2013 Sent. S\/N<\/td>\n                <td>EBG5250960<\/td>\n                <td>FLISD1804A00737<\/td>\n                <td><a href=\"https:\/\/www.rioverde.go.gov.br\/amt\/wp-uploads\/sites\/5\/2025\/12\/035F_R1.pdf\" target=\"_blank\" rel=\"noopener\" style=\"color:#09c5e7 !important;\">035F_R1<\/a><\/td>\n            <\/tr>\n            <tr>\n                <td><a href=\"https:\/\/www.rioverde.go.gov.br\/amt\/wp-uploads\/sites\/5\/2024\/08\/036F.pdf\" target=\"_blank\" style=\"color:#09c5e7 !important;\" rel=\"noopener\">036F<\/a><\/td>\n                <td>Fixo<\/td>\n                <td>Av. Universit\u00e1ria Oposto QD 06 LT 02 &#8211; Prol. Morada do Sol \u2013 Sent. (B\/C)<\/td>\n                <td>EBG5248861<\/td>\n                <td>FLISD1804A00735<\/td>\n                <td><a href=\"https:\/\/www.rioverde.go.gov.br\/amt\/wp-uploads\/sites\/5\/2025\/12\/036F_R1.pdf\" target=\"_blank\" rel=\"noopener\" style=\"color:#09c5e7 !important;\">036F_R1<\/a><\/td>\n            <\/tr>\n            <tr>\n                <td><a href=\"https:\/\/www.rioverde.go.gov.br\/amt\/wp-uploads\/sites\/5\/2024\/08\/037F.pdf\" target=\"_blank\" style=\"color:#09c5e7 !important;\" rel=\"noopener\">037F<\/a><\/td>\n                <td>Fixo<\/td>\n                <td>Av. 01 n\u00ba 385 &#8211; Pq Buritis \u2013 Sent. (B\/C)<\/td>\n                <td>EBG5250922<\/td>\n                <td>FLISD1804A00736<\/td>\n                <td><a href=\"https:\/\/www.rioverde.go.gov.br\/amt\/wp-uploads\/sites\/5\/2025\/12\/037F_R1.pdf\" target=\"_blank\" rel=\"noopener\" style=\"color:#09c5e7 !important;\">037F_R1<\/a><\/td>\n            <\/tr>\n            <tr>\n                <td><a href=\"https:\/\/www.rioverde.go.gov.br\/amt\/wp-uploads\/sites\/5\/2024\/08\/038F.pdf\" target=\"_blank\" style=\"color:#09c5e7 !important;\" rel=\"noopener\">038F<\/a><\/td>\n                <td>Fixo<\/td>\n                <td>Av. 01 QD 09 LOTE 06 Pq dos Buritis \u2013 Sent. (C\/B)<\/td>\n                <td>EBG5248927<\/td>\n                <td>FLISD1804A00741<\/td>\n                <td><a href=\"https:\/\/www.rioverde.go.gov.br\/amt\/wp-uploads\/sites\/5\/2025\/12\/038F_R1.pdf\" target=\"_blank\" rel=\"noopener\" style=\"color:#09c5e7 !important;\">038F_R1<\/a><\/td>\n            <\/tr>\n            <tr>\n                <td><a href=\"https:\/\/www.rioverde.go.gov.br\/amt\/wp-uploads\/sites\/5\/2024\/08\/039F.pdf\" target=\"_blank\" style=\"color:#09c5e7 !important;\" rel=\"noopener\">039F<\/a><\/td>\n                <td>Fixo<\/td>\n                <td>Av. Beija Flor pr\u00f3x. \u00e0 Rua Bem-te-vi &#8211; Bairro Liberdade \u2013 Sent. (C\/B)<\/td>\n                <td>EBG5251161<\/td>\n                <td>FLISD1804A00729<\/td>\n                <td><a href=\"https:\/\/www.rioverde.go.gov.br\/amt\/wp-uploads\/sites\/5\/2025\/12\/039F_R1.pdf\" target=\"_blank\" rel=\"noopener\" style=\"color:#09c5e7 !important;\">039F_R1<\/a><\/td>\n            <\/tr>\n            <tr>\n                <td><a href=\"https:\/\/www.rioverde.go.gov.br\/amt\/wp-uploads\/sites\/5\/2023\/06\/001A.pdf\" target=\"_blank\" style=\"color:#09c5e7 !important;\" rel=\"noopener\">001A<\/a><\/td>\n                <td>Fixo<\/td>\n                <td>Av. Pedro Ludovico Teixeira, N\u00ba 143 &#8211; Parque Bandeirantes \u2013 Sent. (B\/C)<\/td>\n                <td>EBG5255993<\/td>\n                <td>MISTO0103A00747<\/td>\n                <td><a href=\"https:\/\/www.rioverde.go.gov.br\/amt\/wp-uploads\/sites\/5\/2025\/12\/001A_R1.pdf\" target=\"_blank\" rel=\"noopener\" style=\"color:#09c5e7 !important;\">001A_R1<\/a><\/td>\n            <\/tr>\n            <tr>\n                <td><a href=\"https:\/\/www.rioverde.go.gov.br\/amt\/wp-uploads\/sites\/5\/2023\/06\/002A.pdf\" target=\"_blank\" style=\"color:#09c5e7 !important;\" rel=\"noopener\">002A<\/a><\/td>\n                <td>Fixo<\/td>\n                <td>Av. Presidente Vargas, N\u00ba 237 \u2013 Centro \u2013 Sent. (C\/B)<\/td>\n                <td>EBG5250170<\/td>\n                <td>MISTO0311A00698<\/td>\n                <td><a href=\"https:\/\/www.rioverde.go.gov.br\/amt\/wp-uploads\/sites\/5\/2025\/12\/002A_R1.pdf\" target=\"_blank\" rel=\"noopener\" style=\"color:#09c5e7 !important;\">002A_R1<\/a><\/td>\n            <\/tr>\n            <tr>\n                <td><a href=\"https:\/\/www.rioverde.go.gov.br\/amt\/wp-uploads\/sites\/5\/2023\/06\/003A.pdf\" target=\"_blank\" style=\"color:#09c5e7 !important;\" rel=\"noopener\">003A<\/a><\/td>\n                <td>Fixo<\/td>\n                <td>Av. Presidente Vargas, Esquina Com Rua Jk &#8211; Vila Maria &#8211; Sent. (B\/C)<\/td>\n                <td>EBG5250156<\/td>\n                <td>MISTO0311A00699<\/td>\n                <td><a href=\"https:\/\/www.rioverde.go.gov.br\/amt\/wp-uploads\/sites\/5\/2025\/12\/003A_R1.pdf\" target=\"_blank\" rel=\"noopener\" style=\"color:#09c5e7 !important;\">003A_R1<\/a><\/td>\n            <\/tr>\n            <tr>\n                <td><a href=\"https:\/\/www.rioverde.go.gov.br\/amt\/wp-uploads\/sites\/5\/2023\/08\/004A.pdf\" target=\"_blank\" style=\"color:#09c5e7 !important;\" rel=\"noopener\">004A<\/a><\/td>\n                <td>Fixo<\/td>\n                <td>Av. Presidente Vargas, Esquina Com Rua Jk &#8211; Vila Maria &#8211; Sent. (C\/B)<\/td>\n                <td>EBG5255798<\/td>\n                <td>MISTO0103A00751<\/td>\n                <td><a href=\"https:\/\/www.rioverde.go.gov.br\/amt\/wp-uploads\/sites\/5\/2025\/12\/004A_R1.pdf\" target=\"_blank\" rel=\"noopener\" style=\"color:#09c5e7 !important;\">004A_R1<\/a><\/td>\n            <\/tr>\n            <tr>\n                <td><a href=\"https:\/\/www.rioverde.go.gov.br\/amt\/wp-uploads\/sites\/5\/2023\/06\/005A.pdf\" target=\"_blank\" style=\"color:#09c5e7 !important;\" rel=\"noopener\">005A<\/a><\/td>\n                <td>Fixo<\/td>\n                <td>Av. Presidente Vargas, Oposto N\u00ba 71 Qd 26 Lt 03 &#8211; B. Vit\u00f3ria \u2013 Sent. (B\/C)<\/td>\n                <td>EBG5256500<\/td>\n                <td>MISTO0311A00697<\/td>\n                <td><a href=\"https:\/\/www.rioverde.go.gov.br\/amt\/wp-uploads\/sites\/5\/2025\/12\/005A_R1.pdf\" target=\"_blank\" rel=\"noopener\" style=\"color:#09c5e7 !important;\">005A_R1<\/a><\/td>\n            <\/tr>\n            <tr>\n                <td><a href=\"https:\/\/www.rioverde.go.gov.br\/amt\/wp-uploads\/sites\/5\/2023\/06\/006A.pdf\" target=\"_blank\" style=\"color:#09c5e7 !important;\" rel=\"noopener\">006A<\/a><\/td>\n                <td>Fixo<\/td>\n                <td>Av. Presidente Vargas, Oposto a Qd. L, Lt. 13 &#8211; Jd Marconal \u2013 Sent. (C\/B)<\/td>\n                <td>EBG5252256<\/td>\n                <td>MISTO0311A00700<\/td>\n                <td><a href=\"https:\/\/www.rioverde.go.gov.br\/amt\/wp-uploads\/sites\/5\/2025\/12\/006A_R1.pdf\" target=\"_blank\" rel=\"noopener\" style=\"color:#09c5e7 !important;\">006A_R1<\/a><\/td>\n            <\/tr>\n            <tr>\n                <td><a href=\"https:\/\/www.rioverde.go.gov.br\/amt\/wp-uploads\/sites\/5\/2023\/08\/007A.pdf\" target=\"_blank\" style=\"color:#09c5e7 !important;\" rel=\"noopener\">007A<\/a><\/td>\n                <td>Fixo<\/td>\n                <td>Av. Presidente Vargas, 660 \u2013 Centro \u2013 Sent. (C\/B)<\/td>\n                <td>EBG5255919<\/td>\n                <td>MISTO1804A00749<\/td>\n                <td><a href=\"https:\/\/www.rioverde.go.gov.br\/amt\/wp-uploads\/sites\/5\/2025\/12\/007A_R1.pdf\" target=\"_blank\" rel=\"noopener\" style=\"color:#09c5e7 !important;\">007A_R1<\/a><\/td>\n            <\/tr>\n            <tr>\n                <td><a href=\"https:\/\/www.rioverde.go.gov.br\/amt\/wp-uploads\/sites\/5\/2024\/08\/008A.pdf\" target=\"_blank\" style=\"color:#09c5e7 !important;\" rel=\"noopener\">008A<\/a><\/td>\n                <td>Fixo<\/td>\n                <td>Av. Pauzanes de Carvalho, n. 737- Setor Pauzanes &#8211; Sent. (B\/C)<\/td>\n                <td>EBG5251306<\/td>\n                <td>MISTO0180A00750<\/td>\n                <td><a href=\"https:\/\/www.rioverde.go.gov.br\/amt\/wp-uploads\/sites\/5\/2025\/12\/008A_R1.pdf\" target=\"_blank\" rel=\"noopener\" style=\"color:#09c5e7 !important;\">008A_R1<\/a><\/td>\n            <\/tr>\n            <tr>\n                <td><a href=\"https:\/\/www.rioverde.go.gov.br\/amt\/wp-uploads\/sites\/5\/2024\/08\/009A.pdf\" target=\"_blank\" style=\"color:#09c5e7 !important;\" rel=\"noopener\">009A<\/a><\/td>\n                <td>Fixo<\/td>\n                <td>Av. Pauzanes de Carvalho, n. 744- Setor Pauzanes &#8211; Sent. (C\/B)<\/td>\n                <td>EBG5251367<\/td>\n                <td>MISTO1804A00745<\/td>\n                <td><a href=\"https:\/\/www.rioverde.go.gov.br\/amt\/wp-uploads\/sites\/5\/2025\/12\/009A_R1.pdf\" target=\"_blank\" rel=\"noopener\" style=\"color:#09c5e7 !important;\">009A_R1<\/a><\/td>\n            <\/tr>\n            <tr>\n                <td><a href=\"https:\/\/www.rioverde.go.gov.br\/amt\/wp-uploads\/sites\/5\/2024\/08\/010A.pdf\" target=\"_blank\" style=\"color:#09c5e7 !important;\" rel=\"noopener\">010A<\/a><\/td>\n                <td>Fixo<\/td>\n                <td>Av. Pres. Vargas x Av. Jeronimo Martins &#8211; Jardim Goias &#8211; Sent. (C\/B)<\/td>\n                <td>EBG5248800<\/td>\n                <td>MISTO1804A00755<\/td>\n                <td><a href=\"https:\/\/www.rioverde.go.gov.br\/amt\/wp-uploads\/sites\/5\/2025\/12\/010A_R1.pdf\" target=\"_blank\" rel=\"noopener\" style=\"color:#09c5e7 !important;\">010A_R1<\/a><\/td>\n            <\/tr>\n            <tr>\n                <td><a href=\"https:\/\/www.rioverde.go.gov.br\/amt\/wp-uploads\/sites\/5\/2024\/08\/011A.pdf\" target=\"_blank\" style=\"color:#09c5e7 !important;\" rel=\"noopener\">011A<\/a><\/td>\n                <td>Fixo<\/td>\n                <td>Av. Pres. Vargas x Rua 12 &#8211; Jardim Goias &#8211; Sent. (B\/C)<\/td>\n                <td>EBG5251112<\/td>\n                <td>MISTO1804A00748<\/td>\n                <td><a href=\"https:\/\/www.rioverde.go.gov.br\/amt\/wp-uploads\/sites\/5\/2025\/12\/011A_R1.pdf\" target=\"_blank\" rel=\"noopener\" style=\"color:#09c5e7 !important;\">011A_R1<\/a><\/td>\n            <\/tr>\n            <tr>\n                <td><a href=\"https:\/\/www.rioverde.go.gov.br\/amt\/wp-uploads\/sites\/5\/2024\/08\/012A.pdf\" target=\"_blank\" style=\"color:#09c5e7 !important;\" rel=\"noopener\">012A<\/a><\/td>\n                <td>Fixo<\/td>\n                <td>Av. Pres. Vargas Qd 34 Lt 29 Bairro JD. Presidente &#8211; Sent. (B\/C)<\/td>\n                <td>EBG5248812<\/td>\n                <td>MISTO0180A00757<\/td>\n                <td><a href=\"https:\/\/www.rioverde.go.gov.br\/amt\/wp-uploads\/sites\/5\/2025\/12\/012A_R1.pdf\" target=\"_blank\" rel=\"noopener\" style=\"color:#09c5e7 !important;\">012A_R1<\/a><\/td>\n            <\/tr>\n            <tr>\n                <td><a href=\"https:\/\/www.rioverde.go.gov.br\/amt\/wp-uploads\/sites\/5\/2023\/06\/001L.pdf\" target=\"_blank\" style=\"color:#09c5e7 !important;\" rel=\"noopener\">001L<\/a><\/td>\n                <td>Fixo<\/td>\n                <td>Praca Carolina Leao Veloso, Qd. 09 Lt. 23 &#8211; Conjunto Morada do Sol \u2013 Sent. (C\/B)<\/td>\n                <td>EBG5252130<\/td>\n                <td>FLICD0103A00725<\/td>\n                <td>\n                    <a href=\"https:\/\/www.rioverde.go.gov.br\/amt\/wp-uploads\/sites\/5\/2025\/12\/001L_R1.pdf\" target=\"_blank\" rel=\"noopener\" style=\"color:#09c5e7 !important;\">001L_R1<\/a>\n                    <\/br>\n                    <a href=\"https:\/\/www.rioverde.go.gov.br\/amt\/wp-uploads\/sites\/5\/2025\/12\/001L_R2.pdf\" target=\"_blank\" rel=\"noopener\" style=\"color:#09c5e7 !important;\">001L_R2<\/a>\n                    <\/br>\n                    <a href=\"https:\/\/www.rioverde.go.gov.br\/amt\/wp-uploads\/sites\/5\/2025\/12\/001L_R3.pdf\" target=\"_blank\" rel=\"noopener\" style=\"color:#09c5e7 !important;\">001L_R3<\/a>\n                <\/td>\n            <\/tr>\n            <tr>\n                <td><a href=\"https:\/\/www.rioverde.go.gov.br\/amt\/wp-uploads\/sites\/5\/2023\/06\/002L.pdf\" target=\"_blank\" style=\"color:#09c5e7 !important;\" rel=\"noopener\">002L<\/a><\/td>\n                <td>Fixo<\/td>\n                <td>Praca Carolina Leao Veloso, Qd. 06 \u2013 Lt. 10 &#8211; Conjunto Morada do Sol -Sent. (B\/C)<\/td>\n                <td>EBG5252104<\/td>\n                <td>FLICD0103A00723<\/td>\n                <td>\n                    <a href=\"https:\/\/www.rioverde.go.gov.br\/amt\/wp-uploads\/sites\/5\/2025\/12\/002L_R1.pdf\" target=\"_blank\" rel=\"noopener\" style=\"color:#09c5e7 !important;\">002L_R1<\/a>\n                    <\/br>\n                    <a href=\"https:\/\/www.rioverde.go.gov.br\/amt\/wp-uploads\/sites\/5\/2025\/12\/002L_R2.pdf\" target=\"_blank\" rel=\"noopener\" style=\"color:#09c5e7 !important;\">002L_R2<\/a>\n                    <\/br>\n                    <a href=\"https:\/\/www.rioverde.go.gov.br\/amt\/wp-uploads\/sites\/5\/2025\/12\/002L_R3.pdf\" target=\"_blank\" rel=\"noopener\" style=\"color:#09c5e7 !important;\">002L_R3<\/a>\n                <\/td>\n            <\/tr>\n            <tr>\n                <td><a href=\"https:\/\/www.rioverde.go.gov.br\/amt\/wp-uploads\/sites\/5\/2023\/06\/003L.pdf\" target=\"_blank\" style=\"color:#09c5e7 !important;\" rel=\"noopener\">003L<\/a><\/td>\n                <td>Fixo<\/td>\n                <td>Rua Augusta Bastos, N\u00ba 1.248 \u2013 Centro \u2013 Sent. (C\/B)<\/td>\n                <td>EBG5251800<\/td>\n                <td>FLICD0103A00720<\/td>\n                <td>\n                    <a href=\"https:\/\/www.rioverde.go.gov.br\/amt\/wp-uploads\/sites\/5\/2025\/12\/003L_R1.pdf\" target=\"_blank\" rel=\"noopener\" style=\"color:#09c5e7 !important;\">003L_R1<\/a>\n                    <\/br>\n                    <a href=\"https:\/\/www.rioverde.go.gov.br\/amt\/wp-uploads\/sites\/5\/2025\/12\/003L_R2.pdf\" target=\"_blank\" rel=\"noopener\" style=\"color:#09c5e7 !important;\">003L_R2<\/a>\n                    <\/br>\n                    <a href=\"https:\/\/www.rioverde.go.gov.br\/amt\/wp-uploads\/sites\/5\/2025\/12\/003L_R3.pdf\" target=\"_blank\" rel=\"noopener\" style=\"color:#09c5e7 !important;\">003L_R3<\/a>\n                <\/td>\n            <\/tr>\n            <tr>\n                <td><a href=\"https:\/\/www.rioverde.go.gov.br\/amt\/wp-uploads\/sites\/5\/2023\/06\/004L.pdf\" target=\"_blank\" style=\"color:#09c5e7 !important;\" rel=\"noopener\">004L<\/a><\/td>\n                <td>Fixo<\/td>\n                <td>Rua Abel Pereira de Castro, N\u00ba 985 \u2013 Centro \u2013 Sent. (B\/C)<\/td>\n                <td>EBG5251835<\/td>\n                <td>FLICD0103A00721<\/td>\n                <td>\n                    <a href=\"https:\/\/www.rioverde.go.gov.br\/amt\/wp-uploads\/sites\/5\/2025\/12\/004L_R1.pdf\" target=\"_blank\" rel=\"noopener\" style=\"color:#09c5e7 !important;\">004L_R1<\/a>\n                    <\/br>\n                    <a href=\"https:\/\/www.rioverde.go.gov.br\/amt\/wp-uploads\/sites\/5\/2025\/12\/004L_R2.pdf\" target=\"_blank\" rel=\"noopener\" style=\"color:#09c5e7 !important;\">004L_R2<\/a>\n                    <\/br>\n                    <a href=\"https:\/\/www.rioverde.go.gov.br\/amt\/wp-uploads\/sites\/5\/2025\/12\/004L_R3.pdf\" target=\"_blank\" rel=\"noopener\" style=\"color:#09c5e7 !important;\">004L_R3<\/a>\n                <\/td>\n            <\/tr>\n            <tr>\n                <td><a href=\"https:\/\/www.rioverde.go.gov.br\/amt\/wp-uploads\/sites\/5\/2023\/06\/005L.pdf\" target=\"_blank\" style=\"color:#09c5e7 !important;\" rel=\"noopener\">005L<\/a><\/td>\n                <td>Fixo<\/td>\n                <td>Rua Nizo Jaime de Gusm\u00e3o, N\u00ba 760 &#8211; Bairro Maristela \u2013 Sent. (B\/C)<\/td>\n                <td>EBG5256330<\/td>\n                <td>FLICD0103A00724<\/td>\n                <td>\n                    <a href=\"https:\/\/www.rioverde.go.gov.br\/amt\/wp-uploads\/sites\/5\/2025\/12\/005L_R1.pdf\" target=\"_blank\" rel=\"noopener\" style=\"color:#09c5e7 !important;\">005L_R1<\/a>\n                    <\/br>\n                    <a href=\"https:\/\/www.rioverde.go.gov.br\/amt\/wp-uploads\/sites\/5\/2025\/12\/005L_R2.pdf\" target=\"_blank\" rel=\"noopener\" style=\"color:#09c5e7 !important;\">005L_R2<\/a>\n                    <\/br>\n                    <a href=\"https:\/\/www.rioverde.go.gov.br\/amt\/wp-uploads\/sites\/5\/2025\/12\/005L_R3.pdf\" target=\"_blank\" rel=\"noopener\" style=\"color:#09c5e7 !important;\">005L_R3<\/a>\n                <\/td>\n            <\/tr>\n            <tr>\n                <td><a href=\"https:\/\/www.rioverde.go.gov.br\/amt\/wp-uploads\/sites\/5\/2023\/06\/006L.pdf\" target=\"_blank\" style=\"color:#09c5e7 !important;\" rel=\"noopener\">006L<\/a><\/td>\n                <td>Fixo<\/td>\n                <td>Rua 4, Qd. 02 Lt. 21 &#8211; Vila Multir\u00e3o \u2013 Sent. (B\/C)<\/td>\n                <td>EBG5256304<\/td>\n                <td>FLICD0103A00722<\/td>\n                <td>\n                    <a href=\"https:\/\/www.rioverde.go.gov.br\/amt\/wp-uploads\/sites\/5\/2025\/12\/006L_R1.pdf\" target=\"_blank\" rel=\"noopener\" style=\"color:#09c5e7 !important;\">006L_R1<\/a>\n                    <\/br>\n                    <a href=\"https:\/\/www.rioverde.go.gov.br\/amt\/wp-uploads\/sites\/5\/2025\/12\/006L_R2.pdf\" target=\"_blank\" rel=\"noopener\" style=\"color:#09c5e7 !important;\">006L_R2<\/a>\n                    <\/br>\n                    <a href=\"https:\/\/www.rioverde.go.gov.br\/amt\/wp-uploads\/sites\/5\/2025\/12\/006L_R3.pdf\" target=\"_blank\" rel=\"noopener\" style=\"color:#09c5e7 !important;\">006L_R3<\/a>\n                <\/td>\n            <\/tr>\n        <\/tbody>\n    <\/table>\n<\/figure>\n\n\n\n<div id=\"mapa\" style=\"color:#fff\">mapa<\/div>\n<iframe loading=\"lazy\" src=\"https:\/\/www.google.com\/maps\/d\/embed?mid=1j4w8ToF6w4Ato_yQXQt-o5qA8lYs50A&#038;ehbc=2E312F&#038;z=13\" width=\"800\" height=\"500\"><\/iframe>\n\n\n\n<p><\/p>\n","protected":false},"excerpt":{"rendered":"","protected":false},"author":3,"featured_media":0,"parent":287,"menu_order":0,"comment_status":"closed","ping_status":"closed","template":"","meta":{"_acf_changed":false,"custom_icon_class":"","footnotes":""},"class_list":["post-294","page","type-page","status-publish","hentry"],"acf":[],"custom_icon_class":false,"tax_custom_icon_class":false,"default_custom_icon_class":"nmi-round-wysiwyg","singularTaxonomy":"P\u00e1gina","_links":{"self":[{"href":"https:\/\/www.rioverde.go.gov.br\/amt\/wp-json\/wp\/v2\/pages\/294","targetHints":{"allow":["GET"]}}],"collection":[{"href":"https:\/\/www.rioverde.go.gov.br\/amt\/wp-json\/wp\/v2\/pages"}],"about":[{"href":"https:\/\/www.rioverde.go.gov.br\/amt\/wp-json\/wp\/v2\/types\/page"}],"author":[{"embeddable":true,"href":"https:\/\/www.rioverde.go.gov.br\/amt\/wp-json\/wp\/v2\/users\/3"}],"replies":[{"embeddable":true,"href":"https:\/\/www.rioverde.go.gov.br\/amt\/wp-json\/wp\/v2\/comments?post=294"}],"version-history":[{"count":10,"href":"https:\/\/www.rioverde.go.gov.br\/amt\/wp-json\/wp\/v2\/pages\/294\/revisions"}],"predecessor-version":[{"id":727,"href":"https:\/\/www.rioverde.go.gov.br\/amt\/wp-json\/wp\/v2\/pages\/294\/revisions\/727"}],"up":[{"embeddable":true,"href":"https:\/\/www.rioverde.go.gov.br\/amt\/wp-json\/wp\/v2\/pages\/287"}],"wp:attachment":[{"href":"https:\/\/www.rioverde.go.gov.br\/amt\/wp-json\/wp\/v2\/media?parent=294"}],"curies":[{"name":"wp","href":"https:\/\/api.w.org\/{rel}","templated":true}]}}